{"id":6571,"date":"2025-10-05T13:29:27","date_gmt":"2025-10-05T13:29:27","guid":{"rendered":"https:\/\/jean-laurentdomingue.com\/research\/"},"modified":"2025-11-10T15:17:54","modified_gmt":"2025-11-10T15:17:54","slug":"research","status":"publish","type":"page","link":"https:\/\/jean-laurentdomingue.com\/fr\/research\/","title":{"rendered":"Programme de recherche"},"content":{"rendered":"\t\t<div data-elementor-type=\"wp-page\" data-elementor-id=\"6571\" class=\"elementor elementor-6571 elementor-6002\">\n\t\t\t\t<div class=\"elementor-element elementor-element-4780ee5 e-flex e-con-boxed e-con e-parent\" data-id=\"4780ee5\" data-element_type=\"container\">\n\t\t\t\t\t<div class=\"e-con-inner\">\n\t\t\t\t<div class=\"elementor-element elementor-element-14c6449 elementor-widget elementor-widget-text-editor\" data-id=\"14c6449\" data-element_type=\"widget\" data-widget_type=\"text-editor.default\">\n\t\t\t\t<div class=\"elementor-widget-container\">\n\t\t\t\t\t\t\t\t\t<h1 style=\"text-align: center;\">Programme de recherche<\/h1>\t\t\t\t\t\t\t\t<\/div>\n\t\t\t\t<\/div>\n\t\t\t\t<div class=\"elementor-element elementor-element-daaf24d elementor-widget-divider--view-line elementor-widget elementor-widget-divider\" data-id=\"daaf24d\" data-element_type=\"widget\" data-widget_type=\"divider.default\">\n\t\t\t\t<div class=\"elementor-widget-container\">\n\t\t\t\t\t\t\t<div class=\"elementor-divider\">\n\t\t\t<span class=\"elementor-divider-separator\">\n\t\t\t\t\t\t<\/span>\n\t\t<\/div>\n\t\t\t\t\t\t<\/div>\n\t\t\t\t<\/div>\n\t\t\t\t<div class=\"elementor-element elementor-element-d2fb509 elementor-widget elementor-widget-text-editor\" data-id=\"d2fb509\" data-element_type=\"widget\" data-widget_type=\"text-editor.default\">\n\t\t\t\t<div class=\"elementor-widget-container\">\n\t\t\t\t\t\t\t\t\t<p>S\u2019appuyant sur les projets r\u00e9alis\u00e9s durant mes \u00e9tudes sup\u00e9rieures, mes int\u00e9r\u00eats de recherche portent principalement sur les structures (par exemple, juridiques, politiques, organisationnelles, soci\u00e9tales, etc.) au sein desquelles les infirmi\u00e8res et infirmiers pratiquent. Entre autres, ces int\u00e9r\u00eats me permettent d\u2019examiner et de probl\u00e9matiser les effets des pratiques infirmi\u00e8res au-del\u00e0 de leurs intentions th\u00e9rapeutiques et humanistes, et d\u2019explorer comment les infirmi\u00e8res et infirmiers vivent leur pratique dans diff\u00e9rents contextes et environnements. Mon programme de recherche s\u2019articule autour de deux th\u00e8mes sp\u00e9cifiques. Les questions li\u00e9es au pouvoir, au risque et \u00e0 la construction identitaire traversent ces deux th\u00e8mes et me permettent d\u2019\u00e9tendre mes travaux \u00e0 divers milieux o\u00f9 sont dispens\u00e9s des soins infirmiers, notamment dans les grands domaines de la psychiatrie, de la sant\u00e9 mentale et de la sant\u00e9 communautaire\/publique.<\/p><blockquote><p><strong><em>Th\u00e8me 1\u202f: Le gouvernement des individus dits \u00ab\u202fdangereux\u202f\u00bb<\/em><\/strong><\/p><\/blockquote><p>Le premier th\u00e8me de mon programme de recherche vise \u00e0 mieux comprendre comment diff\u00e9rents syst\u00e8mes encadrent et gouvernent les individus dits dangereux aux fins de <span data-olk-copy-source=\"MessageBody\">s\u00e9curit\u00e9 publique<\/span>. En mettant l\u2019accent sur les pratiques infirmi\u00e8res m\u00e9dico-l\u00e9gales dans le domaine de la sant\u00e9 mentale et de la psychiatrie, ce th\u00e8me se situe \u00e0 la jonction des soins (infirmiers), du contr\u00f4le social, de l\u2019exclusion et de la <span data-olk-copy-source=\"MessageBody\">s\u00e9curit\u00e9 publique<\/span>. Inscrit dans une perspective critique exploratoire, ce th\u00e8me permet d\u2019examiner les tensions existantes entre ces domaines et de probl\u00e9matiser des pratiques infirmi\u00e8res \u00ab\u202fth\u00e9rapeutiques\u202f\u00bb souvent tenues pour acquises.<\/p><blockquote><p><strong><em>Th\u00e8me 2\u202f: Exp\u00e9riences des infirmi\u00e8res et infirmiers pratiquant en sant\u00e9 mentale et en psychiatrie<\/em><\/strong><\/p><\/blockquote><p>Le deuxi\u00e8me th\u00e8me compl\u00e8te le premier en cherchant \u00e0 comprendre comment les infirmi\u00e8res et infirmiers \u0153uvrant dans les grands domaines de la sant\u00e9 mentale et de la psychiatrie vivent les environnements complexes dans lesquels ils prodiguent des soins. L\u00e0 encore ancr\u00e9 dans une perspective critique, ce th\u00e8me permet d\u2019explorer les effets des structures de soins de sant\u00e9 (par exemple, juridiques, politiques, institutionnelles, soci\u00e9tales, etc.) sur les identit\u00e9s personnelles et professionnelles des infirmi\u00e8res et infirmiers et, par extension, sur les soins qu\u2019ils offrent aux patientes et patients.<\/p><p>Ces deux th\u00e8mes sont travers\u00e9s par mon d\u00e9sir de rendre la recherche men\u00e9e par les infirmi\u00e8res \u2014 et en particulier la recherche critique dirig\u00e9e par les infirmi\u00e8res \u2014 accessible aux praticiennes et praticiens qui doivent naviguer dans des environnements de soins tr\u00e8s difficiles et qui, ce faisant, peuvent contribuer \u00e0 maintenir le statu quo. Pour ce faire, j\u2019int\u00e8gre r\u00e9guli\u00e8rement des cliniciennes et cliniciens, y compris des infirmi\u00e8res et infirmiers, \u00e0 mes projets de recherche, de la conception jusqu\u2019\u00e0 la diffusion des connaissances. J\u2019esp\u00e8re qu\u2019en engageant les praticiennes et praticiens dans la recherche, cela augmentera l\u2019adoption des recommandations li\u00e9es \u00e0 la pratique et contribuera \u00e0 rendre le processus de recherche plus accessible et plus attrayant.<strong>\u00a0<\/strong><\/p><div>\u00a0<\/div><div>\u00a0<\/div>\t\t\t\t\t\t\t\t<\/div>\n\t\t\t\t<\/div>\n\t\t\t\t<div class=\"elementor-element elementor-element-af6d20d elementor-widget-divider--view-line elementor-widget elementor-widget-divider\" data-id=\"af6d20d\" data-element_type=\"widget\" data-widget_type=\"divider.default\">\n\t\t\t\t<div class=\"elementor-widget-container\">\n\t\t\t\t\t\t\t<div class=\"elementor-divider\">\n\t\t\t<span class=\"elementor-divider-separator\">\n\t\t\t\t\t\t<\/span>\n\t\t<\/div>\n\t\t\t\t\t\t<\/div>\n\t\t\t\t<\/div>\n\t\t\t\t<div class=\"elementor-element elementor-element-be209a3 elementor-widget elementor-widget-text-editor\" data-id=\"be209a3\" data-element_type=\"widget\" data-widget_type=\"text-editor.default\">\n\t\t\t\t<div class=\"elementor-widget-container\">\n\t\t\t\t\t\t\t\t\t<h2>Subventions<\/h2>\t\t\t\t\t\t\t\t<\/div>\n\t\t\t\t<\/div>\n\t\t\t\t<div class=\"elementor-element elementor-element-bfc2285 elementor-widget elementor-widget-text-editor\" data-id=\"bfc2285\" data-element_type=\"widget\" data-widget_type=\"text-editor.default\">\n\t\t\t\t<div class=\"elementor-widget-container\">\n\t\t\t\t\t\t\t\t\t<h4>Subventions externes :<\/h4><h5>2024\u20132027 (Co-chercheur)<br data-start=\"73\" data-end=\"76\" \/><em data-start=\"76\" data-end=\"95\">Subvention Savoir<\/em> \u2013 75 740 $<br data-start=\"106\" data-end=\"109\" \/>Conseil de recherches en sciences humaines du Canada (CRSH)<\/h5><p><span style=\"text-decoration: underline;\"><strong data-start=\"176\" data-end=\"188\">Projet :<\/strong><\/span> Recours \u00e0 l\u2019hospitalisation et au traitement involontaire pour le proche vivant avec la maladie mentale : l\u2019exp\u00e9rience v\u00e9cue des familles \u00e0 l\u2019int\u00e9rieur du syst\u00e8me de justice<br data-start=\"364\" data-end=\"367\" \/><span style=\"text-decoration: underline;\"><strong>Chercheur principal :<\/strong><\/span> \u00c9tienne Paradis-Gagn\u00e9 (+ 3 co-chercheurs)<\/p><h5 data-start=\"439\" data-end=\"578\">\u00a0<\/h5><h5 data-start=\"439\" data-end=\"578\">2023 (Co-chercheur)<br data-start=\"462\" data-end=\"465\" \/><em data-start=\"465\" data-end=\"508\">Fonds universitaire de recherche m\u00e9dicale<\/em> \u2013 100 000 $<br data-start=\"520\" data-end=\"523\" \/>Institut de recherche en sant\u00e9 mentale, The Royal<\/h5><p data-start=\"580\" data-end=\"772\"><span style=\"text-decoration: underline;\"><strong data-start=\"580\" data-end=\"592\">Projet :<\/strong><\/span> A Randomized Controlled Pilot Trial of Group Cognitive Behavioral Therapy (the Feeling Safe Programme) for Psychosis<br data-start=\"711\" data-end=\"714\" \/><span style=\"text-decoration: underline;\"><strong>Chercheuse principale :<\/strong><\/span> Diana Mercer (+ 7 co-chercheurs)<\/p><h5 data-start=\"779\" data-end=\"932\">\u00a0<\/h5><h5 data-start=\"779\" data-end=\"932\">2023\u20132026 (Chercheur principal)<br data-start=\"814\" data-end=\"817\" \/><em data-start=\"817\" data-end=\"853\">Subvention de d\u00e9veloppement Savoir<\/em> \u2013 53 378 $<br data-start=\"864\" data-end=\"867\" \/>Conseil de recherches en sciences humaines du Canada (CRSH)<\/h5><p data-start=\"934\" data-end=\"1129\"><span style=\"text-decoration: underline;\"><strong data-start=\"934\" data-end=\"946\">Projet :<\/strong><\/span> Experiences of Family Roles in the Forensic Psychiatric System: An Ontario-Qu\u00e9bec Comparative Study<br data-start=\"1061\" data-end=\"1064\" \/><strong><span style=\"text-decoration: underline;\">Chercheur principal :<\/span><\/strong> Jean-Laurent Domingue (+ 2 co-chercheurs)<\/p><h5 data-start=\"1136\" data-end=\"1282\">\u00a0<\/h5><h5 data-start=\"1136\" data-end=\"1282\">2023\u20132026 (Co-chercheur)<br data-start=\"1164\" data-end=\"1167\" \/><em data-start=\"1167\" data-end=\"1203\">Subvention de d\u00e9veloppement Savoir<\/em> \u2013 56 000 $<br data-start=\"1214\" data-end=\"1217\" \/>Conseil de recherches en sciences humaines du Canada (CRSH)<\/h5><p data-start=\"1284\" data-end=\"1491\"><strong><span style=\"text-decoration: underline;\">Projet :<\/span> <\/strong>Understanding the Complex Relationship Between Nurses and Women Convicted of Infanticide: A Critical Qualitative Study<br data-start=\"1433\" data-end=\"1436\" \/><strong><span style=\"text-decoration: underline;\">Chercheur principal :<\/span> <\/strong>Dave Holmes (+ 4 co-chercheurs)<\/p><h5 data-start=\"1498\" data-end=\"1695\">\u00a0<\/h5><h5 data-start=\"1498\" data-end=\"1695\">2023\u20132025 (Co-chercheur principal)<br data-start=\"1536\" data-end=\"1539\" \/><em data-start=\"1539\" data-end=\"1628\">Subvention de planification et de diss\u00e9mination \u2013 Soutien aux organismes communautaires<\/em> \u2013 9 800 $<br data-start=\"1638\" data-end=\"1641\" \/>Instituts de recherche en sant\u00e9 du Canada (IRSC)<\/h5><p data-start=\"1697\" data-end=\"1906\" data-is-last-node=\"\" data-is-only-node=\"\"><span style=\"text-decoration: underline;\"><strong data-start=\"1697\" data-end=\"1709\">Projet :<\/strong><\/span> Co-designing and testing a sustainable process to plan and disseminate Nursing Research <strong>(termin\u00e9)<\/strong> <br data-start=\"1842\" data-end=\"1845\" \/><span style=\"text-decoration: underline;\"><strong>Co-chercheuse principale :<\/strong><\/span> Shruti Patel (+ 2 co-chercheurs)<\/p>\t\t\t\t\t\t\t\t<\/div>\n\t\t\t\t<\/div>\n\t\t\t\t<div class=\"elementor-element elementor-element-5692adf elementor-widget-divider--view-line elementor-widget elementor-widget-divider\" data-id=\"5692adf\" data-element_type=\"widget\" data-widget_type=\"divider.default\">\n\t\t\t\t<div class=\"elementor-widget-container\">\n\t\t\t\t\t\t\t<div class=\"elementor-divider\">\n\t\t\t<span class=\"elementor-divider-separator\">\n\t\t\t\t\t\t<\/span>\n\t\t<\/div>\n\t\t\t\t\t\t<\/div>\n\t\t\t\t<\/div>\n\t\t\t\t<div class=\"elementor-element elementor-element-f8cee05 elementor-widget elementor-widget-text-editor\" data-id=\"f8cee05\" data-element_type=\"widget\" data-widget_type=\"text-editor.default\">\n\t\t\t\t<div class=\"elementor-widget-container\">\n\t\t\t\t\t\t\t\t\t<h4>Subventions internes :<\/h4><h5>2023\u20132025 (Co-chercheur)<br data-start=\"56\" data-end=\"59\" \/><em data-start=\"59\" data-end=\"86\">Fonds de recherche IGNITE<\/em> \u2013 17 546 $<br data-start=\"97\" data-end=\"100\" \/>St. Lawrence College<\/h5><p><span style=\"text-decoration: underline;\"><strong data-start=\"128\" data-end=\"140\">Projet :<\/strong><\/span> Removing barriers to the improvement of mandated community treatment for mental illness through intersectoral collaboration <strong>(termin\u00e9)<\/strong> <br data-start=\"297\" data-end=\"300\" \/><span style=\"text-decoration: underline;\"><strong>Chercheuse principale :<\/strong><\/span> Fiona Jager (+ 2 co-chercheurs)<\/p><h5>\u00a0<\/h5><h5>2022\u20132023 (Chercheur principal)<br data-start=\"399\" data-end=\"402\" \/><em data-start=\"402\" data-end=\"468\">Programme de d\u00e9veloppement de la recherche \u2013 Financement initial<\/em> \u2013 10 000 $<br data-start=\"479\" data-end=\"482\" \/>Universit\u00e9 d\u2019Ottawa<\/h5><p data-start=\"509\" data-end=\"695\"><span style=\"text-decoration: underline;\"><strong data-start=\"509\" data-end=\"521\">Projet :<\/strong><\/span> Understanding the Involvement of Families with the Ontario Forensic Psychiatric System <strong>(termin\u00e9)<\/strong><br data-start=\"628\" data-end=\"631\" \/><span style=\"text-decoration: underline;\"><strong>Chercheur principal :<\/strong><\/span> Jean-Laurent Domingue (+ 1 co-chercheur)<\/p><p data-start=\"697\" data-end=\"764\">Un rapport de recherche pour cette \u00e9tude est disponible <a class=\"decorated-link\" href=\"#\" rel=\"noopener\" data-start=\"753\" data-end=\"761\">ici.<\/a><\/p><h5 data-start=\"771\" data-end=\"888\">\u00a0<\/h5><h5 data-start=\"771\" data-end=\"888\">2021\u20132025 (Chercheur principal)<br data-start=\"806\" data-end=\"809\" \/><em data-start=\"809\" data-end=\"849\">Subvention de d\u00e9marrage \u00e0 la recherche<\/em> \u2013 30 000 $<br data-start=\"860\" data-end=\"863\" \/>Universit\u00e9 d\u2019Ottawa<\/h5><p data-start=\"890\" data-end=\"905\"><span style=\"text-decoration: underline;\"><strong>Projet 1 :<\/strong><\/span> Exploring Mental Health Nurses Experiences of Associative Stigma When Accessing Physical Health Care for their Patients (<strong>termin\u00e9)<\/strong><\/p><p data-start=\"890\" data-end=\"905\"><span style=\"text-decoration: underline;\"><strong>Projet 2 :<\/strong><\/span> Exploring the clients\u2019 and nurses\u2019 experiences of transitioning mental health nursing care from an in-person to a virtual format due to the COVID-19 pandemic <strong>(termin\u00e9)<\/strong><\/p><p data-start=\"890\" data-end=\"905\"><span style=\"text-decoration: underline;\"><strong>Projet 3 :<\/strong><\/span>\u00a0Critical Discourse Analysis of Dangerousness in Forensic Psychiatry for Individuals who were found Not Criminally Responsible for Non-violent Crimes<\/p><p data-start=\"1456\" data-end=\"1499\" data-is-last-node=\"\" data-is-only-node=\"\"><span style=\"text-decoration: underline;\"><strong>Chercheur principal :<\/strong><\/span> Jean-Laurent Domingue<\/p>\t\t\t\t\t\t\t\t<\/div>\n\t\t\t\t<\/div>\n\t\t\t\t<div class=\"elementor-element elementor-element-18e427a elementor-widget-divider--view-line elementor-widget elementor-widget-divider\" data-id=\"18e427a\" data-element_type=\"widget\" data-widget_type=\"divider.default\">\n\t\t\t\t<div class=\"elementor-widget-container\">\n\t\t\t\t\t\t\t<div class=\"elementor-divider\">\n\t\t\t<span class=\"elementor-divider-separator\">\n\t\t\t\t\t\t<\/span>\n\t\t<\/div>\n\t\t\t\t\t\t<\/div>\n\t\t\t\t<\/div>\n\t\t\t\t<div class=\"elementor-element elementor-element-7f40d0e elementor-widget elementor-widget-text-editor\" data-id=\"7f40d0e\" data-element_type=\"widget\" data-widget_type=\"text-editor.default\">\n\t\t\t\t<div class=\"elementor-widget-container\">\n\t\t\t\t\t\t\t\t\t<h4>Contrats :<\/h4><h5>2025 (Co-chercheur principal)<br data-start=\"49\" data-end=\"52\" \/><em data-start=\"52\" data-end=\"78\">Law Commission of Canada<\/em> \u2013 20 000 $<\/h5><p><span style=\"text-decoration: underline;\"><strong data-start=\"93\" data-end=\"105\">Projet :<\/strong><\/span> <span data-olk-copy-source=\"MessageBody\">Traitement forc\u00e9 en sant\u00e9 mentale et toxicomanie au Canada<\/span><br data-start=\"166\" data-end=\"169\" \/><span style=\"text-decoration: underline;\"><strong>Co-chercheuse principale :<\/strong><\/span> Emmanuelle Bernheim<\/p><h5>\u00a0<\/h5><h5>2022\u20132023 (Co-chercheur principal)<br data-start=\"262\" data-end=\"265\" \/><em data-start=\"265\" data-end=\"301\">Mental Health Commission of Canada<\/em> \u2013 55 826 $<\/h5><p><span style=\"text-decoration: underline;\"><strong data-start=\"316\" data-end=\"328\">Projet :<\/strong><\/span> Consolidation of National and International Strategies and Frameworks on Mental Health and Criminal Justice <strong>(termin\u00e9)<\/strong><br data-start=\"444\" data-end=\"447\" \/><span style=\"text-decoration: underline;\"><strong>Co-chercheuse principale :<\/strong><\/span> Shruti Patel (+ 13 co-chercheurs)<\/p>\t\t\t\t\t\t\t\t<\/div>\n\t\t\t\t<\/div>\n\t\t\t\t\t<\/div>\n\t\t\t\t<\/div>\n\t\t\t\t<\/div>\n\t\t","protected":false},"excerpt":{"rendered":"<p>Programme de recherche S\u2019appuyant sur les projets r\u00e9alis\u00e9s durant mes \u00e9tudes sup\u00e9rieures, mes int\u00e9r\u00eats de recherche portent principalement sur les structures (par exemple, juridiques, politiques, organisationnelles, soci\u00e9tales, etc.) au sein desquelles les infirmi\u00e8res et infirmiers pratiquent. Entre autres, ces int\u00e9r\u00eats me permettent d\u2019examiner et de probl\u00e9matiser les effets des pratiques infirmi\u00e8res au-del\u00e0 de leurs intentions [&hellip;]<\/p>\n","protected":false},"author":1,"featured_media":0,"parent":0,"menu_order":0,"comment_status":"closed","ping_status":"closed","template":"","meta":{"footnotes":""},"class_list":["post-6571","page","type-page","status-publish","hentry"],"_links":{"self":[{"href":"https:\/\/jean-laurentdomingue.com\/fr\/wp-json\/wp\/v2\/pages\/6571","targetHints":{"allow":["GET"]}}],"collection":[{"href":"https:\/\/jean-laurentdomingue.com\/fr\/wp-json\/wp\/v2\/pages"}],"about":[{"href":"https:\/\/jean-laurentdomingue.com\/fr\/wp-json\/wp\/v2\/types\/page"}],"author":[{"embeddable":true,"href":"https:\/\/jean-laurentdomingue.com\/fr\/wp-json\/wp\/v2\/users\/1"}],"replies":[{"embeddable":true,"href":"https:\/\/jean-laurentdomingue.com\/fr\/wp-json\/wp\/v2\/comments?post=6571"}],"version-history":[{"count":35,"href":"https:\/\/jean-laurentdomingue.com\/fr\/wp-json\/wp\/v2\/pages\/6571\/revisions"}],"predecessor-version":[{"id":6635,"href":"https:\/\/jean-laurentdomingue.com\/fr\/wp-json\/wp\/v2\/pages\/6571\/revisions\/6635"}],"wp:attachment":[{"href":"https:\/\/jean-laurentdomingue.com\/fr\/wp-json\/wp\/v2\/media?parent=6571"}],"curies":[{"name":"wp","href":"https:\/\/api.w.org\/{rel}","templated":true}]}}