{"id":6593,"date":"2022-11-15T08:23:33","date_gmt":"2022-11-15T08:23:33","guid":{"rendered":"https:\/\/jean-laurentdomingue.com\/students\/"},"modified":"2025-11-10T15:09:57","modified_gmt":"2025-11-10T15:09:57","slug":"students","status":"publish","type":"page","link":"https:\/\/jean-laurentdomingue.com\/fr\/students\/","title":{"rendered":"\u00c9tudiants"},"content":{"rendered":"\t\t<div data-elementor-type=\"wp-page\" data-elementor-id=\"6593\" class=\"elementor elementor-6593 elementor-2113\">\n\t\t\t\t<div class=\"elementor-element elementor-element-8f1ef10 e-flex e-con-boxed e-con e-parent\" data-id=\"8f1ef10\" data-element_type=\"container\">\n\t\t\t\t\t<div class=\"e-con-inner\">\n\t\t\t\t<div class=\"elementor-element elementor-element-503d17a elementor-widget elementor-widget-text-editor\" data-id=\"503d17a\" data-element_type=\"widget\" data-widget_type=\"text-editor.default\">\n\t\t\t\t<div class=\"elementor-widget-container\">\n\t\t\t\t\t\t\t\t\t<h1 style=\"text-align: center;\">Encadrement d\u2019\u00e9tudiants aux cycles sup\u00e9rieurs<\/h1>\t\t\t\t\t\t\t\t<\/div>\n\t\t\t\t<\/div>\n\t\t\t\t<div class=\"elementor-element elementor-element-59b1255 elementor-widget-divider--view-line elementor-widget elementor-widget-divider\" data-id=\"59b1255\" data-element_type=\"widget\" data-widget_type=\"divider.default\">\n\t\t\t\t<div class=\"elementor-widget-container\">\n\t\t\t\t\t\t\t<div class=\"elementor-divider\">\n\t\t\t<span class=\"elementor-divider-separator\">\n\t\t\t\t\t\t<\/span>\n\t\t<\/div>\n\t\t\t\t\t\t<\/div>\n\t\t\t\t<\/div>\n\t\t\t\t<div class=\"elementor-element elementor-element-bc68b4d elementor-widget elementor-widget-text-editor\" data-id=\"bc68b4d\" data-element_type=\"widget\" data-widget_type=\"text-editor.default\">\n\t\t\t\t<div class=\"elementor-widget-container\">\n\t\t\t\t\t\t\t\t\t<h3>En tant que directeur (*co-directeur) :<\/h3><p>Automne 2025 \u2013 \u00c9t\u00e9 2029<br data-start=\"115\" data-end=\"118\" \/>Archana Paul (Doctorat \u00e0 temps plein)<br data-start=\"155\" data-end=\"158\" \/>Universit\u00e9 d\u2019Ottawa<\/p><p><span style=\"text-decoration: underline;\">Titre de la th\u00e8se :<\/span> \u00c0 d\u00e9terminer<\/p><p>\u00a0<\/p><p>Automne 2024 \u2013 \u00c9t\u00e9 2029<br data-start=\"247\" data-end=\"250\" \/>Fran\u00e7ois-Xavier Demailly (Doctorat \u00e0 temps plein)<br data-start=\"299\" data-end=\"302\" \/>Universit\u00e9 d\u2019Ottawa<\/p><p><span style=\"text-decoration: underline;\">Titre de la th\u00e8se :<\/span> Exploration du v\u00e9cu des formateurs queer en sciences infirmi\u00e8res en France<\/p><p>\u00a0<\/p><p>Automne 2024 \u2013 \u00c9t\u00e9 2026<br data-start=\"453\" data-end=\"456\" \/>*Yorli Moradi (Doctorat \u00e0 temps plein)<br data-start=\"494\" data-end=\"497\" \/>Universit\u00e9 Laval<\/p><p><span style=\"text-decoration: underline;\">Titre de la th\u00e8se :<\/span> \u00c9tude des exp\u00e9riences v\u00e9cues des infirmi\u00e8res d\u2019\u00e9ducation th\u00e9rapeutique en psychiatrie<\/p><p><span style=\"text-decoration: underline;\">Co-directeur :<\/span> Bernard Roy<\/p><p>\u00a0<\/p><p>Automne 2024 \u2013 \u00c9t\u00e9 2028<br data-start=\"688\" data-end=\"691\" \/>*Jennifer Neves (Doctorat \u00e0 temps plein)<br data-start=\"731\" data-end=\"734\" \/>Universit\u00e9 d\u2019Ottawa<\/p><p><span style=\"text-decoration: underline;\">Titre de la th\u00e8se :<\/span> Critical Discourse Analysis of Complex Trauma in Nursing<\/p><p><span style=\"text-decoration: underline;\">Codirecteur :<\/span> Rochelle Einboden<\/p><p>\u00a0<\/p><p>Automne 2024 \u2013 \u00c9t\u00e9 2028<br data-start=\"929\" data-end=\"932\" \/>Geneviene Ankomah (Doctorat \u00e0 temps plein)<br data-start=\"974\" data-end=\"977\" \/>Universit\u00e9 d\u2019Ottawa<\/p><p><span style=\"text-decoration: underline;\">Titre de la th\u00e8se :<\/span> Grounded Theory of the Stigmatization of Mental Health Nurses in Ghana<\/p><p>\u00a0<\/p><p>Automne 2023 \u2013 \u00c9t\u00e9 2027<br data-start=\"1131\" data-end=\"1134\" \/>*Olivier Giroux (Doctorat \u00e0 temps plein)<br data-start=\"1174\" data-end=\"1177\" \/>Universit\u00e9 d\u2019Ottawa<\/p><p><span style=\"text-decoration: underline;\">Titre de la th\u00e8se :<\/span> Prophylaxie pr\u00e9-exposition au VIH et stigmatisation chez les hommes ayant des rapports sexuels avec d\u2019autres hommes : Mieux comprendre l\u2019exp\u00e9rience des utilisateurs et non-utilisateurs de la PrEP<br data-start=\"1418\" data-end=\"1421\" \/><span style=\"text-decoration: underline;\">Co-directeur :<\/span> Dave Holmes<\/p><p>\u00a0<\/p><p>Automne 2023 \u2013 \u00c9t\u00e9 2027<br data-start=\"1481\" data-end=\"1484\" \/>St\u00e9phane Moriconi (Doctorat \u00e0 temps plein)<br data-start=\"1526\" data-end=\"1529\" \/>Universit\u00e9 d\u2019Ottawa<\/p><p><span style=\"text-decoration: underline;\">Titre de la th\u00e8se :<\/span> Une th\u00e9orisation ancr\u00e9e de la construction identitaire professionnelle des infirmi\u00e8res psychiatriques en France<\/p><p data-start=\"1690\" data-end=\"1969\">\u00a0<\/p><p data-start=\"1690\" data-end=\"1969\">Automne 2023 \u2013 \u00c9t\u00e9 2027<br data-start=\"1717\" data-end=\"1720\" \/>Natania Abebe (Doctorat \u00e0 temps plein)<br data-start=\"1758\" data-end=\"1761\" \/>Universit\u00e9 d\u2019Ottawa<br data-start=\"1780\" data-end=\"1783\" \/><span style=\"text-decoration: underline;\">Titre de la th\u00e8se :<\/span> Evaluating the Feasibility of a Contingency Management Program for Substance Use Reduction in Persons Living with Schizophrenia<\/p><p data-start=\"1971\" data-end=\"2128\"><strong>* R\u00e9compens\u00e9e par une bourse de recherche doctorale des IRSC (120 000 $)<\/strong><br data-start=\"2042\" data-end=\"2045\" \/><strong>* R\u00e9compens\u00e9e par une bourse du CNF (Programme de bourse Tylenol Canada) (5 000 $)<\/strong><\/p><p>\u00a0<\/p><p>Automne 2022 \u2013 \u00c9t\u00e9 2026<br data-start=\"2157\" data-end=\"2160\" \/>Rebecca Clifford (Doctorat \u00e0 temps plein)<br data-start=\"2201\" data-end=\"2204\" \/>Universit\u00e9 d\u2019Ottawa<\/p><p><span style=\"text-decoration: underline;\">Titre de la th\u00e8se :<\/span> Critical Discourse Analysis of Substance Use Management in Forensic Psychiatry<\/p><p>\u00a0<\/p><p>Automne 2022 \u2013 \u00c9t\u00e9 2026<br data-start=\"2371\" data-end=\"2374\" \/>Vincent Martin-Schreiber (Doctorat \u00e0 temps plein)<br data-start=\"2423\" data-end=\"2426\" \/>Universit\u00e9 d\u2019Ottawa<\/p><p><span style=\"text-decoration: underline;\">Titre de la th\u00e8se :<\/span> Critical Realism in Action: Building a Causal Model of the Production of Borderline Personality Disorder Diagnoses<\/p><p>\u00a0<\/p><p>Automne 2022 \u2013 \u00c9t\u00e9 2024<br data-start=\"2637\" data-end=\"2640\" \/>Jennifer Neves (Ma\u00eetrise \u00e0 temps plein) \u2013 Termin\u00e9e<br data-start=\"2690\" data-end=\"2693\" \/>Universit\u00e9 d\u2019Ottawa<\/p><p><span style=\"text-decoration: underline;\">Titre de la th\u00e8se :<\/span> Complex Psychological Trauma: An Evolutionary Concept Analysis<\/p><p><strong>* R\u00e9compens\u00e9e par une bourse d\u2019\u00e9tudes sup\u00e9rieures des IRSC (17 500 $)<\/strong><\/p>\t\t\t\t\t\t\t\t<\/div>\n\t\t\t\t<\/div>\n\t\t\t\t\t<\/div>\n\t\t\t\t<\/div>\n\t\t\t\t<\/div>\n\t\t","protected":false},"excerpt":{"rendered":"<p>Encadrement d\u2019\u00e9tudiants aux cycles sup\u00e9rieurs En tant que directeur (*co-directeur) : Automne 2025 \u2013 \u00c9t\u00e9 2029Archana Paul (Doctorat \u00e0 temps plein)Universit\u00e9 d\u2019Ottawa Titre de la th\u00e8se : \u00c0 d\u00e9terminer \u00a0 Automne 2024 \u2013 \u00c9t\u00e9 2029Fran\u00e7ois-Xavier Demailly (Doctorat \u00e0 temps plein)Universit\u00e9 d\u2019Ottawa Titre de la th\u00e8se : Exploration du v\u00e9cu des formateurs queer en sciences infirmi\u00e8res [&hellip;]<\/p>\n","protected":false},"author":1,"featured_media":0,"parent":0,"menu_order":0,"comment_status":"closed","ping_status":"closed","template":"","meta":{"footnotes":""},"class_list":["post-6593","page","type-page","status-publish","hentry"],"_links":{"self":[{"href":"https:\/\/jean-laurentdomingue.com\/fr\/wp-json\/wp\/v2\/pages\/6593","targetHints":{"allow":["GET"]}}],"collection":[{"href":"https:\/\/jean-laurentdomingue.com\/fr\/wp-json\/wp\/v2\/pages"}],"about":[{"href":"https:\/\/jean-laurentdomingue.com\/fr\/wp-json\/wp\/v2\/types\/page"}],"author":[{"embeddable":true,"href":"https:\/\/jean-laurentdomingue.com\/fr\/wp-json\/wp\/v2\/users\/1"}],"replies":[{"embeddable":true,"href":"https:\/\/jean-laurentdomingue.com\/fr\/wp-json\/wp\/v2\/comments?post=6593"}],"version-history":[{"count":11,"href":"https:\/\/jean-laurentdomingue.com\/fr\/wp-json\/wp\/v2\/pages\/6593\/revisions"}],"predecessor-version":[{"id":6620,"href":"https:\/\/jean-laurentdomingue.com\/fr\/wp-json\/wp\/v2\/pages\/6593\/revisions\/6620"}],"wp:attachment":[{"href":"https:\/\/jean-laurentdomingue.com\/fr\/wp-json\/wp\/v2\/media?parent=6593"}],"curies":[{"name":"wp","href":"https:\/\/api.w.org\/{rel}","templated":true}]}}